{"id":85,"date":"2015-11-18T10:58:58","date_gmt":"2015-11-18T09:58:58","guid":{"rendered":"http:\/\/wordpress.kvzrt.dmz\/wordpress\/?page_id=85"},"modified":"2024-01-31T11:54:55","modified_gmt":"2024-01-31T10:54:55","slug":"altalanos-informaciok","status":"publish","type":"page","link":"https:\/\/www.kvzrt.hu\/?page_id=85","title":{"rendered":"\u00c1ltal\u00e1nos inform\u00e1ci\u00f3k"},"content":{"rendered":"<p>Budapest F\u0151v\u00e1ros X. ker\u00fclet K\u0151b\u00e1nyai \u00d6nkorm\u00e1nyzat a ker\u00fcletben parkol\u00e1s\u00fczemeltet\u00e9si rendszer bevezet\u00e9s\u00e9r\u0151l d\u00f6nt\u00f6tt, \u00e9s megalkotta a k\u00f6zigazgat\u00e1si ter\u00fclet\u00e9n a j\u00e1rm\u0171vel v\u00e1rakoz\u00e1s rendj\u00e9r\u0151l sz\u00f3l\u00f3 \u00f6nkorm\u00e1nyzati rendeletet.<\/p>\n<p><strong>A fizet\u0151 parkol\u00e1si \u00f6vezetek param\u00e9terei<\/strong><\/p>\n<p>I.z\u00f3na &#8211; \u201eC\u201d v\u00e1rakoz\u00e1si \u00f6vezet<\/p>\n<p><em>Kerepesi \u00fat \u2013 Feh\u00e9r \u00fat \u2013 Gyakorl\u00f3 utca \u2013 Hath\u00e1z utca \u00e1ltal hat\u00e1rolt ter\u00fcletet \u2013 bele\u00e9rtve a hat\u00e1rol\u00f3 utakat \u00e9s tereket.<\/em><\/p>\n<p>D\u00edjk\u00f6teles a v\u00e1rakoz\u00e1s munkanapokon 8.00 \u00f3ra \u00e9s 18.00 \u00f3ra k\u00f6z\u00f6tti id\u0151szakban.<br \/>\nA d\u00edjk\u00f6teles v\u00e1rakoz\u00e1s megengedett leghosszabb id\u0151tartama a \u201eC\u201d v\u00e1rakoz\u00e1si \u00f6vezetekben 3 \u00f3ra, a \u201eD\u201d v\u00e1rakoz\u00e1si \u00f6vezetekben nincs id\u0151korl\u00e1toz\u00e1s. Az \u00f6vezetre meghat\u00e1rozott id\u0151tartam lej\u00e1rta ut\u00e1n a g\u00e9pj\u00e1rm\u0171vel a v\u00e1rakoz\u00f3helyet el kell hagyni. A v\u00e1rakoz\u00e1si id\u0151tartam ism\u00e9telt d\u00edjfizet\u00e9ssel nem hosszabb\u00edthat\u00f3 meg.<\/p>\n<p>&#8211; szem\u00e9lyg\u00e9pj\u00e1rm\u0171 300 Ft\/\u00f3ra<br \/>\n&#8211; teherg\u00e9pkocsi, busz 900 Ft\/\u00f3ra<br \/>\n&#8211; a minim\u00e1lis fizetend\u0151 d\u00edj 75 Ft<\/p>\n<p>II. z\u00f3na -\u201eD\u201d v\u00e1rakoz\u00e1si \u00f6vezet<\/p>\n<p><em>\u00dcll\u0151i \u00fat \u2013 Cegl\u00e9di \u00fat \u2013 Bihari u. \u2013 Balk\u00e1n u. \u2013 Somfa k\u00f6z \u2013 Z\u00e1gr\u00e1bi u. \u2013 G\u00e9m u. \u2013 Fogad\u00f3 u. \u2013 Sz\u00e1va u. \u00e1ltal hat\u00e1rolt ter\u00fcletet \u2013 bele\u00e9rtve a hat\u00e1rol\u00f3 utakat \u00e9s tereket.<\/em><\/p>\n<p>D\u00edjk\u00f6teles a v\u00e1rakoz\u00e1s munkanapokon 8.00 \u00f3ra \u00e9s 18.00 \u00f3ra k\u00f6z\u00f6tti id\u0151szakban \u00e9s nincs id\u0151korl\u00e1toz\u00e1s.<\/p>\n<p>&#8211; szem\u00e9lyg\u00e9pj\u00e1rm\u0171 200 Ft\/\u00f3ra<br \/>\n&#8211; teherg\u00e9pkocsi, busz 600 Ft\/\u00f3ra<br \/>\n&#8211; a minim\u00e1lis fizetend\u0151 d\u00edj 50 Ft<\/p>\n<p>A K\u0151b\u00e1ny\u00e1n l\u00e9v\u0151 k\u00f6zter\u00fcleti fizet\u0151 parkol\u00f3helyek \u00fczemeltet\u00e9si feladatainak ell\u00e1t\u00e1s\u00e1val, a Budapest F\u0151v\u00e1ros X. ker\u00fclet K\u0151b\u00e1nyai \u00d6nkorm\u00e1nyzat a K\u0151b\u00e1nyai Vagyonkezel\u0151 Zrt.\u2013t b\u00edzta meg, mint a kiz\u00e1r\u00f3lagos tulajdon\u00e1ban l\u00e9v\u0151 gazdas\u00e1gi t\u00e1rsas\u00e1got.<\/p>\n<p>A parkol\u00e1s\u00fczemeltet\u00e9si feladatokat a K\u0151b\u00e1nyai Vagyonkezel\u0151 Zrt. szervezet\u00e9n bel\u00fcl k\u00fcl\u00f6n egys\u00e9g, a Parkol\u00e1s\u00fczemeltet\u00e9si Iroda l\u00e1tja el.<\/p>\n<p>Irodavezet\u0151: Wagner Zolt\u00e1n<\/p>\n<p>\u00dcgyf\u00e9lszolg\u00e1lat vezet\u0151: Himberger Istv\u00e1n<\/p>\n<p><strong>A v\u00e1rakoz\u00e1si d\u00edj megfizet\u00e9se lehets\u00e9ges <\/strong>\u2013 k\u00e9szp\u00e9nzzel \u2013 mobiltelefonos fizet\u00e9ssel \u2013 valamint felt\u00f6lthet\u0151 parkol\u00e1si \u00e9rt\u00e9kk\u00e1rty\u00e1val.<\/p>\n<p>A gazd\u00e1lkod\u00f3i hozz\u00e1j\u00e1rul\u00e1ssal rendelkez\u0151k a kedvezm\u00e9nyt \u00e9rt\u00e9kk\u00e1rty\u00e1val vagy mobilfizet\u00e9ssel tudj\u00e1k \u00e9rv\u00e9nyes\u00edteni.<\/p>\n<p><strong>A parkol\u00f3\u00f3r\u00e1kkal kapcsolatos inform\u00e1ci\u00f3k<\/strong><\/p>\n<p>A fizet\u0151 parkol\u00e1si \u00f6vezetek ter\u00fclet\u00e9n \u00f6sszesen 2760 db v\u00e1rakoz\u00f3hely (I. z\u00f3na: 1560 db, II. z\u00f3na: 1200 db), illetve 39 db jegykiad\u00f3 automata (I. z\u00f3na: 24 db, II. z\u00f3na: 15 db) tal\u00e1lhat\u00f3.<\/p>\n<p><strong>V\u00e1rakoz\u00e1si d\u00edj-, illetve p\u00f3td\u00edjtartoz\u00e1s rendez\u00e9se<\/strong><\/p>\n<p>A p\u00f3td\u00edjaz\u00e1si esem\u00e9ny a v\u00e1rakoz\u00f3 g\u00e9pj\u00e1rm\u0171 ellen\u0151rz\u00e9s\u00e9vel indul. A parkol\u00e1si ellen\u0151r minden egyes v\u00e1rakoz\u00f3 j\u00e1rm\u0171vet ellen\u0151riz, melynek sor\u00e1n figyeli, hogy t\u00f6bbek k\u00f6z\u00f6tt van- e az adott j\u00e1rm\u0171nek,<\/p>\n<p>\u2013 adott id\u0151pontra \u00e9rv\u00e9nyes, a parkol\u00e1si rendeletben el\u0151\u00edrtaknak megfelel\u0151en elhelyezett parkol\u00f3 jegye,<\/p>\n<p>\u2013 kezdem\u00e9nyezett-e az aut\u00f3 vezet\u0151je mobiltelefonos parkol\u00e1st<\/p>\n<p>\u2013 van\u2013e a j\u00e1rm\u0171nek \u00e9rv\u00e9nyes v\u00e1rakoz\u00e1si hozz\u00e1j\u00e1rul\u00e1sa,<\/p>\n<p>\u2013 adott esetben l\u00e1that\u00f3-e a mozg\u00e1ss\u00e9r\u00fclt igazolv\u00e1ny vagy m\u00e1s parkol\u00e1sra jogos\u00edt\u00f3 enged\u00e9ly a g\u00e9pj\u00e1rm\u0171 els\u0151 sz\u00e9lv\u00e9d\u0151je m\u00f6g\u00f6tt.<\/p>\n<p>Az ellen\u0151rz\u00e9si folyamatot k\u00f6vet\u0151en, ha a j\u00e1rm\u0171 d\u00edjfizet\u00e9si k\u00f6telezetts\u00e9g alatt \u00e1ll\u00f3 ter\u00fcleten d\u00edjfizet\u00e9s n\u00e9lk\u00fcl v\u00e1rakozik, vagy a kifizetett v\u00e1rakoz\u00e1si id\u0151t, egy \u00f3r\u00e1n\u00e1l r\u00f6videbb id\u0151re t\u00f6rt\u00e9nt fizet\u00e9s eset\u00e9n 5 perccel, egy \u00f3r\u00e1ra vagy ann\u00e1l hosszabb id\u0151re t\u00f6rt\u00e9nt fizet\u00e9s eset\u00e9n legal\u00e1bb 15 perccel t\u00fall\u00e9pi, v\u00e1rakoz\u00e1si esetenk\u00e9nt egy \u00f3rai v\u00e1rakoz\u00e1si d\u00edjat, tov\u00e1bb\u00e1 p\u00f3td\u00edjat kell fizetni.<\/p>\n<p>A parkol\u00f3 ellen\u0151r a n\u00e1la l\u00e9v\u0151 k\u00e9sz\u00fcl\u00e9kkel r\u00f6gz\u00edti a parkol\u00e1si esem\u00e9nyt. Kinyomtat egy egyedi azonos\u00edt\u00f3 sz\u00e1mmal ell\u00e1tott fizet\u00e9si felsz\u00f3l\u00edt\u00e1st, majd a v\u00edz\u00e1ll\u00f3 tasakba helyezett dokumentumot elhelyezi az aut\u00f3 els\u0151 sz\u00e9lv\u00e9d\u0151j\u00e9n az ablakt\u00f6rl\u0151 lap\u00e1ttal r\u00f6gz\u00edtve. Az esem\u00e9ny bizony\u00edthat\u00f3s\u00e1ga c\u00e9lj\u00e1b\u00f3l f\u00e9nyk\u00e9pfelv\u00e9telt k\u00e9sz\u00edt.<\/p>\n<p>A p\u00f3td\u00edj megfizet\u00e9s\u00e9re lehet\u0151s\u00e9g van a fizet\u00e9si felsz\u00f3l\u00edt\u00e1shoz mell\u00e9kelt postai csekken, banki \u00e1tutal\u00e1ssal (a fizet\u00e9si felsz\u00f3l\u00edt\u00e1son felt\u00fcntetett sz\u00e1mlasz\u00e1mra: 11784009-15510000-11020002), valamint k\u00e9szp\u00e9nzzel az \u00fcgyf\u00e9lszolg\u00e1lati irod\u00e1ban. <strong>Utal\u00e1s eset\u00e9n a felsz\u00f3l\u00edt\u00f3 azonos\u00edt\u00f3 sz\u00e1m\u00e1t vagy a rendsz\u00e1mot felt\u00e9tlen\u00fcl \u00edrja a megjegyz\u00e9s rovatba !<\/strong><\/p>\n<p>A g\u00e9pj\u00e1rm\u0171 vezet\u0151je \u2013 \u00e9szlelve a p\u00f3td\u00edjfizet\u00e9si felsz\u00f3l\u00edt\u00e1st \u2013 ak\u00e1r azonnal befizetheti a p\u00f3td\u00edjat, mely teljes\u00edt\u00e9s megjelenik a parkol\u00e1si t\u00e1rsas\u00e1g rendszer\u00e9ben, \u00edgy az \u00fcgy lez\u00e1r\u00e1sra ker\u00fcl. A felsz\u00f3l\u00edtottnak m\u00f3dj\u00e1ban \u00e1ll k\u00e9s\u0151bb is rendezni a p\u00f3td\u00edjtartoz\u00e1s\u00e1t, ilyenkor szint\u00e9n lez\u00e1r\u00e1sra ker\u00fcl az eset.<\/p>\n<p>\u201eA p\u00f3td\u00edj \u00f6sszege a p\u00f3td\u00edj kiszab\u00e1s\u00e1nak napj\u00e1t k\u00f6vet\u0151 15 napon bel\u00fcli befizet\u00e9s eset\u00e9n az adott napon bel\u00fcl d\u00edjk\u00f6teles id\u0151szakra \u00e9s tov\u00e1bbi k\u00e9t \u00f3rai v\u00e1rakoz\u00e1sra sz\u00e1m\u00edtott v\u00e1rakoz\u00e1si d\u00edj, 15 napon t\u00fali befizet\u00e9s eset\u00e9n az egy \u00f3rai v\u00e1rakoz\u00e1si d\u00edj negyvenszerese.\u201d (1988. \u00e9vi I. t\u00f6rv\u00e9ny 15\/C. \u00a7 (2) bekezd\u00e9s).<\/p>\n<p><strong>Mi t\u00f6rt\u00e9nik, ha valaki nem rendezi p\u00f3td\u00edjfizet\u00e9si k\u00f6telezetts\u00e9g\u00e9t?<\/strong><\/p>\n<p>A felsz\u00f3l\u00edt\u00e1s ki\u00e1ll\u00edt\u00e1s\u00e1nak napj\u00e1t\u00f3l sz\u00e1m\u00edtott 60 napt\u00e1ri napon bel\u00fcl, felsz\u00f3l\u00edtjuk az \u00e9rintettet, hogy p\u00f3td\u00edjtartoz\u00e1s\u00e1t sz\u00edveskedjen kiegyenl\u00edteni. Eredm\u00e9nytelen fizet\u00e9si felsz\u00f3l\u00edt\u00e1st k\u00f6vet\u0151en, a fizet\u00e9si hat\u00e1rid\u0151 lej\u00e1rt\u00e1t k\u00f6vet\u0151en int\u00e9zked\u00fcnk a meg nem fizetett p\u00f3td\u00edjak behajt\u00e1s\u00e1ra.<\/p>\n<p><strong>Parkol\u00e1si kedvezm\u00e9nyek ig\u00e9nybev\u00e9tel\u00e9nek menete<\/strong><\/p>\n<p>A rendeletek alapj\u00e1n lehet\u0151s\u00e9g van lakoss\u00e1gi- (<a href=\"https:\/\/www.kvzrt.hu\/wp-content\/uploads\/2021\/01\/link1.pdf\" target=\"_blank\" rel=\"noopener\">b\u0151vebben<\/a>), lakoss\u00e1gi kedvezm\u00e9nyes- (m\u00e1sodik aut\u00f3) (<a href=\"https:\/\/www.kvzrt.hu\/wp-content\/uploads\/2021\/01\/link2.pdf\" target=\"_blank\" rel=\"noopener\">b\u0151vebben<\/a>), gazd\u00e1lkod\u00f3i- (<a href=\"https:\/\/www.kvzrt.hu\/wp-content\/uploads\/2021\/01\/link3.pdf\">b\u0151vebben<\/a>) \u00e9s eg\u00e9szs\u00e9g\u00fcgyi-(<a href=\"https:\/\/www.kvzrt.hu\/wp-content\/uploads\/2023\/06\/link4.1.pdf\" target=\"_blank\" rel=\"noopener\">b\u0151vebben<\/a>) valamint Nevel\u00e9si int\u00e9zm\u00e9nyi (<a href=\"https:\/\/www.kvzrt.hu\/wp-content\/uploads\/2024\/01\/link5_2.pdf\">b\u0151vebben<\/a>) v\u00e1rakoz\u00e1si hozz\u00e1j\u00e1rul\u00e1s ig\u00e9nybe v\u00e9tel\u00e9re.<\/p>\n<ul>\n<li>\u00dcgyf\u00e9lszolg\u00e1lati \u00fcgyint\u00e9z\u0151 kiadja a k\u00e9relem nyomtatv\u00e1nyt (vagy az \u00dcgyf\u00e9l a K\u0151b\u00e1nyai Vagyonkezel\u0151 Zrt. honlapj\u00e1r\u00f3l (www.kvzrt.hu) kinyomtatott, kit\u00f6lt\u00f6tt nyomtatv\u00e1ny\u00e1t behozza)<\/li>\n<\/ul>\n<ul>\n<li>A kit\u00f6lt\u00f6tt \u00e9s al\u00e1\u00edrt k\u00e9relemhez csatolni sz\u00fcks\u00e9ges a tudnival\u00f3kban le\u00edrt dokumentumokat,\u2013 nem szem\u00e9lyes megjelen\u00e9s eset\u00e9n meghatalmaz\u00e1st ( meghatalmazott eset\u00e9n a meghatalmazott szem\u00e9lyi igazolv\u00e1ny\u00e1nak, lakc\u00edmk\u00e1rty\u00e1j\u00e1nak bemutat\u00e1sa is sz\u00fcks\u00e9ges);<\/li>\n<\/ul>\n<ul>\n<li>\u00dcgyint\u00e9z\u0151 a megfelel\u0151 \u00e9s rendben l\u00e9v\u0151 iratok ellen\u0151rz\u00e9se ut\u00e1n \u2013 amennyiben az lehets\u00e9ges \u2013kiadja a v\u00e1rakoz\u00e1si hozz\u00e1j\u00e1rul\u00e1st.<\/li>\n<\/ul>\n<p><strong>Tov\u00e1bbi fontos tudnival\u00f3k<\/strong><\/p>\n<p><strong>Mozg\u00e1ss\u00e9r\u00fcltek parkol\u00e1sa<\/strong><\/p>\n<p>Budapest F\u0151v\u00e1ros K\u00f6zgy\u0171l\u00e9s\u00e9nek 30\/2010. (VI. 4.) \u00f6nkorm\u00e1nyzati rendelete, 7.\u00a7 (2) a) \u201eA v\u00e1rakoz\u00e1si \u00f6vezetek ter\u00fclet\u00e9n, k\u00f6z\u00fati v\u00e1rakoz\u00f3helyen a mozg\u00e1s\u00e1ban korl\u00e1tozott szem\u00e9lyek sz\u00e1m\u00e1ra kiadott parkol\u00e1si igazolv\u00e1nyok k\u00fcl\u00f6n jogszab\u00e1lyban meghat\u00e1rozott kedvezm\u00e9nyeit alkalmazni kell, ha a mozg\u00e1s\u00e1ban korl\u00e1tozott szem\u00e9ly eredeti \u00e9s \u00e9rv\u00e9nyes parkol\u00e1si igazolv\u00e1ny\u00e1t a g\u00e9pj\u00e1rm\u0171 els\u0151 sz\u00e9lv\u00e9d\u0151je m\u00f6g\u00f6tt \u00fagy helyezt\u00e9k el, hogy el\u0151lapja az \u00e9rv\u00e9nyess\u00e9g \u00e9s a jogosults\u00e1g ellen\u0151rz\u00e9se c\u00e9lj\u00e1b\u00f3l teljes eg\u00e9sz\u00e9ben l\u00e1that\u00f3.\u201d<\/p>\n<p>Mozg\u00e1ss\u00e9r\u00fcltek parkol\u00e1si enged\u00e9ly\u00e9nek \u00fcgyint\u00e9z\u00e9se (<a href=\"http:\/\/www.kvzrt.hu\/wp-content\/uploads\/2019\/10\/link6.pdf\" target=\"_blank\" rel=\"noopener\">b\u0151vebben<\/a>)<\/p>\n<p><strong>Fogalmi magyar\u00e1zatok<\/strong><\/p>\n<p><em>Rakod\u00e1s<\/em><\/p>\n<p>A KRESZ szerint a rakod\u00e1s nem min\u0151s\u00fcl v\u00e1rakoz\u00e1snak, \u00edgy a parkol\u00e1si d\u00edj megfizet\u00e9se nem el\u0151\u00edr\u00e1s. Azonban a rakod\u00e1s csak addig nem min\u0151s\u00fcl v\u00e1rakoz\u00e1snak, am\u00edg a rakod\u00e1s folyamatos, a parkol\u00f3 \u0151r l\u00e1thatja az \u00e1ru mozg\u00e1s\u00e1t. A lez\u00e1rt v\u00e1rakoz\u00f3 helyeken hagyott rakod\u00f3 g\u00e9pj\u00e1rm\u0171 azonban m\u00e1r v\u00e1rakoz\u00f3 j\u00e1rm\u0171nek min\u0151s\u00fcl, \u00edgy parkol\u00e1si d\u00edj megfizet\u00e9s\u00e9re k\u00f6teles.<\/p>\n<p>Ez al\u00f3l kiv\u00e9tel az az eset, amikor a teherg\u00e9pj\u00e1rm\u0171, \u00e1rusz\u00e1ll\u00edt\u00e1s v\u00e9gz\u00e9s\u00e9re szolg\u00e1l\u00f3, f\u0151polg\u00e1rmester \u00e1ltal kiadott rakod\u00f3t\u00e1rcs\u00e1t alkalmaz. Ekkor 10.00 \u00e9s 17.00 \u00f3ra k\u00f6z\u00f6tti id\u0151tartamon bel\u00fcl, legfeljebb 20 perc id\u0151tartamban nem kell v\u00e1rakoz\u00e1si d\u00edjat fizetni. A v\u00e1rakoz\u00e1s megkezd\u00e9s\u00e9nek id\u0151pontj\u00e1t a g\u00e9pj\u00e1rm\u0171 els\u0151 sz\u00e9lv\u00e9d\u0151 \u00fcvege m\u00f6g\u00f6tt elhelyezett rakod\u00f3 t\u00e1rcs\u00e1val kell jelezni.<\/p>\n<p><em>T\u00fcrelmi id\u0151<\/em><\/p>\n<p>A be\u00e9rkez\u0151 panaszok tapasztalatai alapj\u00e1n fontos megeml\u00edteni, \u00e9s kiemelni, hogy a t\u00fcrelmi id\u0151 \u2013 1988.\u00e9vi I. t\u00f6rv\u00e9ny 15\/C. \u00a7 (1) bekezd\u00e9se alapj\u00e1n \u2013 kiz\u00e1r\u00f3lag a szab\u00e1lyosan megv\u00e1ltott \u00e9s kihelyezett jegyek \u00e9rv\u00e9nyess\u00e9g\u00e9nek lej\u00e1rta ut\u00e1ni id\u0151re vonatkozik. Ha a jegyet egy \u00f3r\u00e1n\u00e1l r\u00f6videbb id\u0151re v\u00e1ltott\u00e1k meg, akkor a t\u00fcrelmi id\u0151 \u00f6t (5) perc, ha egy \u00f3r\u00e1ra, vagy enn\u00e9l hosszabb id\u0151re v\u00e1ltott\u00e1k meg akkor tizen\u00f6t (15) perc.<\/p>\n<p>Teh\u00e1t a t\u00fcrelmi id\u0151 NEM a parkol\u00e1s megkezd\u00e9se \u00e9s a jegyv\u00e1s\u00e1rl\u00e1s k\u00f6z\u00f6tti id\u0151szakra vonatkozik, mivel ekkor a parkol\u00f3jegyet 10 percen bel\u00fcl meg kell v\u00e1ltani, vagy elind\u00edtani a mobiltelefonos parkol\u00e1st!<\/p>\n","protected":false},"excerpt":{"rendered":"<p>Budapest F\u0151v\u00e1ros X. ker\u00fclet K\u0151b\u00e1nyai \u00d6nkorm\u00e1nyzat a ker\u00fcletben parkol\u00e1s\u00fczemeltet\u00e9si rendszer bevezet\u00e9s\u00e9r\u0151l d\u00f6nt\u00f6tt, \u00e9s megalkotta a k\u00f6zigazgat\u00e1si ter\u00fclet\u00e9n a j\u00e1rm\u0171vel v\u00e1rakoz\u00e1s rendj\u00e9r\u0151l sz\u00f3l\u00f3 \u00f6nkorm\u00e1nyzati rendeletet. A fizet\u0151 parkol\u00e1si \u00f6vezetek param\u00e9terei I.z\u00f3na &#8211; \u201eC\u201d v\u00e1rakoz\u00e1si \u00f6vezet Kerepesi \u00fat \u2013 Feh\u00e9r \u00fat \u2013 Gyakorl\u00f3 utca \u2013 Hath\u00e1z utca \u00e1ltal hat\u00e1rolt ter\u00fcletet \u2013 bele\u00e9rtve a hat\u00e1rol\u00f3 utakat \u00e9s tereket. [&hellip;]<\/p>\n","protected":false},"author":1,"featured_media":0,"parent":83,"menu_order":0,"comment_status":"closed","ping_status":"closed","template":"","meta":{"_monsterinsights_skip_tracking":false,"_monsterinsights_sitenote_active":false,"_monsterinsights_sitenote_note":"","_monsterinsights_sitenote_category":0,"footnotes":""},"class_list":["post-85","page","type-page","status-publish","hentry"],"_links":{"self":[{"href":"https:\/\/www.kvzrt.hu\/index.php?rest_route=\/wp\/v2\/pages\/85","targetHints":{"allow":["GET"]}}],"collection":[{"href":"https:\/\/www.kvzrt.hu\/index.php?rest_route=\/wp\/v2\/pages"}],"about":[{"href":"https:\/\/www.kvzrt.hu\/index.php?rest_route=\/wp\/v2\/types\/page"}],"author":[{"embeddable":true,"href":"https:\/\/www.kvzrt.hu\/index.php?rest_route=\/wp\/v2\/users\/1"}],"replies":[{"embeddable":true,"href":"https:\/\/www.kvzrt.hu\/index.php?rest_route=%2Fwp%2Fv2%2Fcomments&post=85"}],"version-history":[{"count":18,"href":"https:\/\/www.kvzrt.hu\/index.php?rest_route=\/wp\/v2\/pages\/85\/revisions"}],"predecessor-version":[{"id":2702,"href":"https:\/\/www.kvzrt.hu\/index.php?rest_route=\/wp\/v2\/pages\/85\/revisions\/2702"}],"up":[{"embeddable":true,"href":"https:\/\/www.kvzrt.hu\/index.php?rest_route=\/wp\/v2\/pages\/83"}],"wp:attachment":[{"href":"https:\/\/www.kvzrt.hu\/index.php?rest_route=%2Fwp%2Fv2%2Fmedia&parent=85"}],"curies":[{"name":"wp","href":"https:\/\/api.w.org\/{rel}","templated":true}]}}