{"id":2001,"date":"2020-04-23T07:27:10","date_gmt":"2020-04-23T06:27:10","guid":{"rendered":"https:\/\/www.kvzrt.hu\/?page_id=2001"},"modified":"2020-04-23T07:27:10","modified_gmt":"2020-04-23T06:27:10","slug":"valtozasok-a-tarsashazakkal-kapcsolatban-a-veszelyhelyzet-fennallasa-idejere","status":"publish","type":"page","link":"https:\/\/www.kvzrt.hu\/?page_id=2001","title":{"rendered":"V\u00e1ltoz\u00e1sok a T\u00e1rsash\u00e1zakkal kapcsolatban a vesz\u00e9lyhelyzet fenn\u00e1ll\u00e1sa idej\u00e9re"},"content":{"rendered":"<p><strong>A Magyar K\u00f6zl\u00f6ny 2020\/71. sz\u00e1m\u00e1ban az al\u00e1bbi szab\u00e1lyok ker\u00fcltek kihirdet\u00e9sre.<\/strong><\/p>\n<ul>\n<li>A vesz\u00e9lyhelyzet ideje alatt a\u00a0t\u00e1rsash\u00e1z \u2013 1 kiv\u00e9tellel \u2013 nem tart k\u00f6zgy\u0171l\u00e9st.<\/li>\n<li>Az elsz\u00e1mol\u00e1sr\u00f3l \u00e9s a\u00a0k\u00f6vetkez\u0151 \u00e9vi k\u00f6lts\u00e9gvet\u00e9sr\u0151l val\u00f3 d\u00f6nt\u00e9st a\u00a0vesz\u00e9lyhelyzet megsz\u0171n\u00e9s\u00e9t k\u00f6vet\u0151 90 napon bel\u00fcl kell a\u00a0k\u00f6zgy\u0171l\u00e9snek meghoznia. (mivel \u00edr\u00e1sban nem elfogadhat\u00f3)<\/li>\n<li>K\u00f6zgy\u0171l\u00e9st kell tartani, ha azt a tulajdoni h\u00e1nyad 1\/10-\u00e9vel rendelkez\u0151 tulajdonost\u00e1rsak jogszab\u00e1lyban megfelel\u0151 m\u00f3don k\u00e9rik, de\u00a0d\u00f6nt\u00e9s csak \u00edr\u00e1sbeli szavaz\u00e1ssal hozhat\u00f3 meg, olyan t\u00e1rgyk\u00f6r\u00f6kben is, melyekben azt a\u00a0szervezeti-m\u0171k\u00f6d\u00e9si szab\u00e1lyzat vagy kor\u00e1bban hozott k\u00f6zgy\u0171l\u00e9si d\u00f6nt\u00e9s kiz\u00e1rja. (a szavaz\u00e1s szab\u00e1lyait a szervezeti-m\u0171k\u00f6d\u00e9si szab\u00e1lyzat hat\u00e1rozza meg, illetve ennek hi\u00e1ny\u00e1ban a k\u00f6zgy\u0171l\u00e9si megh\u00edv\u00f3 maga)<\/li>\n<li>\u00cdr\u00e1sbeli nyilatkozatnak min\u0151s\u00fcl az\u00a0\u00edr\u00e1sbelinek nem min\u0151s\u00fcl\u0151 elektronikus \u00faton (pl. e-mail, internetes alkalmaz\u00e1s) tett nyilatkozat is.<\/li>\n<li>Int\u00e9z\u0151bizotts\u00e1g akkor is folytathatja munk\u00e1j\u00e1t, ha tagjai sz\u00e1ma a minimum l\u00e9tsz\u00e1m al\u00e1 cs\u00f6kken<\/li>\n<li>A k\u00f6zgy\u0171l\u00e9s nem mentheti fel megb\u00edzat\u00e1s\u00e1b\u00f3l a\u00a0k\u00f6z\u00f6s k\u00e9pvisel\u0151t (int\u00e9z\u0151bizotts\u00e1got), valamint a k\u00f6z\u00f6s k\u00e9pvisel\u0151i (int\u00e9z\u0151bizotts\u00e1gi) megb\u00edzat\u00e1s\u00e1t a\u00a0k\u00f6z\u00f6s k\u00e9pvisel\u0151 (int\u00e9z\u0151bizotts\u00e1g) nem sz\u00fcntetheti meg. Lej\u00e1r\u00f3 megb\u00edzat\u00e1s eset\u00e9n a vesz\u00e9lyhelyzetet k\u00f6vet\u0151 90 napon bel\u00fcl kell d\u00f6nt\u00e9st hozni. (egy\u00e9b okb\u00f3l val\u00f3 megsz\u0171n\u00e9s eset\u00e9n a sz\u00e1mvizsg\u00e1l\u00f3 bizotts\u00e1g l\u00e1thatja el a feladatokat)<\/li>\n<li>A t\u00f6rv\u00e9nyess\u00e9gi fel\u00fcgyeleti elj\u00e1r\u00e1s\u00e1ban \u00edr\u00e1sbeli k\u00f6zl\u00e9snek min\u0151s\u00fcl az \u00edr\u00e1sbelinek nem min\u0151s\u00fcl\u0151 elektronikus \u00faton (pl.\u00a0e-mail, internetes alkalmaz\u00e1s) t\u00f6rt\u00e9n\u0151 k\u00f6zl\u00e9s is<\/li>\n<\/ul>\n<p>A r\u00e9szletes rendelkez\u00e9seket az al\u00e1bbi linken tal\u00e1lhatj\u00e1k:<\/p>\n<p><a href=\"https:\/\/magyarkozlony.hu\/dokumentumok\/c5c5bf027c6a87b58563fb499dcbaf14cf3dab90\/megtekintes\">https:\/\/magyarkozlony.hu<\/a><\/p>\n<p><strong>\u00a0<\/strong><\/p>\n","protected":false},"excerpt":{"rendered":"<p>A Magyar K\u00f6zl\u00f6ny 2020\/71. sz\u00e1m\u00e1ban az al\u00e1bbi szab\u00e1lyok ker\u00fcltek kihirdet\u00e9sre. A vesz\u00e9lyhelyzet ideje alatt a\u00a0t\u00e1rsash\u00e1z \u2013 1 kiv\u00e9tellel \u2013 nem tart k\u00f6zgy\u0171l\u00e9st. Az elsz\u00e1mol\u00e1sr\u00f3l \u00e9s a\u00a0k\u00f6vetkez\u0151 \u00e9vi k\u00f6lts\u00e9gvet\u00e9sr\u0151l val\u00f3 d\u00f6nt\u00e9st a\u00a0vesz\u00e9lyhelyzet megsz\u0171n\u00e9s\u00e9t k\u00f6vet\u0151 90 napon bel\u00fcl kell a\u00a0k\u00f6zgy\u0171l\u00e9snek meghoznia. (mivel \u00edr\u00e1sban nem elfogadhat\u00f3) K\u00f6zgy\u0171l\u00e9st kell tartani, ha azt a tulajdoni h\u00e1nyad 1\/10-\u00e9vel rendelkez\u0151 tulajdonost\u00e1rsak jogszab\u00e1lyban [&hellip;]<\/p>\n","protected":false},"author":3,"featured_media":0,"parent":100,"menu_order":0,"comment_status":"closed","ping_status":"closed","template":"","meta":{"_monsterinsights_skip_tracking":false,"_monsterinsights_sitenote_active":false,"_monsterinsights_sitenote_note":"","_monsterinsights_sitenote_category":0,"footnotes":""},"class_list":["post-2001","page","type-page","status-publish","hentry"],"_links":{"self":[{"href":"https:\/\/www.kvzrt.hu\/index.php?rest_route=\/wp\/v2\/pages\/2001","targetHints":{"allow":["GET"]}}],"collection":[{"href":"https:\/\/www.kvzrt.hu\/index.php?rest_route=\/wp\/v2\/pages"}],"about":[{"href":"https:\/\/www.kvzrt.hu\/index.php?rest_route=\/wp\/v2\/types\/page"}],"author":[{"embeddable":true,"href":"https:\/\/www.kvzrt.hu\/index.php?rest_route=\/wp\/v2\/users\/3"}],"replies":[{"embeddable":true,"href":"https:\/\/www.kvzrt.hu\/index.php?rest_route=%2Fwp%2Fv2%2Fcomments&post=2001"}],"version-history":[{"count":1,"href":"https:\/\/www.kvzrt.hu\/index.php?rest_route=\/wp\/v2\/pages\/2001\/revisions"}],"predecessor-version":[{"id":2002,"href":"https:\/\/www.kvzrt.hu\/index.php?rest_route=\/wp\/v2\/pages\/2001\/revisions\/2002"}],"up":[{"embeddable":true,"href":"https:\/\/www.kvzrt.hu\/index.php?rest_route=\/wp\/v2\/pages\/100"}],"wp:attachment":[{"href":"https:\/\/www.kvzrt.hu\/index.php?rest_route=%2Fwp%2Fv2%2Fmedia&parent=2001"}],"curies":[{"name":"wp","href":"https:\/\/api.w.org\/{rel}","templated":true}]}}